{"version":"1.0","provider_name":"just-now.NEWS Deutschland","provider_url":"https:\/\/now-news.de\/de","author_name":"rtnews","author_url":"https:\/\/now-news.de\/de\/author\/rnews\/","title":"Vu\u010di\u0107 kritisiert IStGHJ wegen Weigerung, Mladi\u0107 freizulassen","type":"rich","width":600,"height":338,"html":"<blockquote class=\"wp-embedded-content\" data-secret=\"x1qqgKaqSr\"><a href=\"https:\/\/now-news.de\/de\/deutschland\/vucic-kritisiert-istghj-wegen-weigerung-mladic-freizulassen\/\">Vu\u010di\u0107 kritisiert IStGHJ wegen Weigerung, Mladi\u0107 freizulassen<\/a><\/blockquote><iframe sandbox=\"allow-scripts\" security=\"restricted\" src=\"https:\/\/now-news.de\/de\/deutschland\/vucic-kritisiert-istghj-wegen-weigerung-mladic-freizulassen\/embed\/#?secret=x1qqgKaqSr\" width=\"600\" height=\"338\" title=\"&#8222;Vu\u010di\u0107 kritisiert IStGHJ wegen Weigerung, Mladi\u0107 freizulassen&#8220; &#8211; just-now.NEWS Deutschland\" data-secret=\"x1qqgKaqSr\" frameborder=\"0\" marginwidth=\"0\" marginheight=\"0\" scrolling=\"no\" class=\"wp-embedded-content\"><\/iframe><script>\n\/*! This file is auto-generated *\/\n!function(d,l){\"use strict\";l.querySelector&&d.addEventListener&&\"undefined\"!=typeof URL&&(d.wp=d.wp||{},d.wp.receiveEmbedMessage||(d.wp.receiveEmbedMessage=function(e){var t=e.data;if((t||t.secret||t.message||t.value)&&!\/[^a-zA-Z0-9]\/.test(t.secret)){for(var s,r,n,a=l.querySelectorAll('iframe[data-secret=\"'+t.secret+'\"]'),o=l.querySelectorAll('blockquote[data-secret=\"'+t.secret+'\"]'),c=new RegExp(\"^https?:$\",\"i\"),i=0;i<o.length;i++)o[i].style.display=\"none\";for(i=0;i<a.length;i++)s=a[i],e.source===s.contentWindow&&(s.removeAttribute(\"style\"),\"height\"===t.message?(1e3<(r=parseInt(t.value,10))?r=1e3:~~r<200&&(r=200),s.height=r):\"link\"===t.message&&(r=new URL(s.getAttribute(\"src\")),n=new URL(t.value),c.test(n.protocol))&&n.host===r.host&&l.activeElement===s&&(d.top.location.href=t.value))}},d.addEventListener(\"message\",d.wp.receiveEmbedMessage,!1),l.addEventListener(\"DOMContentLoaded\",function(){for(var e,t,s=l.querySelectorAll(\"iframe.wp-embedded-content\"),r=0;r<s.length;r++)(t=(e=s[r]).getAttribute(\"data-secret\"))||(t=Math.random().toString(36).substring(2,12),e.src+=\"#?secret=\"+t,e.setAttribute(\"data-secret\",t)),e.contentWindow.postMessage({message:\"ready\",secret:t},\"*\")},!1)))}(window,document);\n\/\/# sourceURL=https:\/\/now-news.de\/de\/wp-includes\/js\/wp-embed.min.js\n<\/script>\n","thumbnail_url":"https:\/\/now-news.de\/de\/wp-content\/uploads\/sites\/3\/2026\/08\/6a92fe5348fbef5dc14562c4.jpg","thumbnail_width":460,"thumbnail_height":259,"description":"Wegen der Weigerung, den inzwischen verstorbenen General Ratko Mladi\u0107 freizulassen, wirft Serbiens Pr\u00e4sident Aleksandar Vu\u010di\u0107 dem Internationalen Strafgerichtshof f\u00fcr das ehemalige Jugoslawien &#8220;unzivilisiertes Verhalten&#8221; vor. Serbiens Pr\u00e4sident Aleksandar Vu\u010di\u0107 hat dem Internationalen Strafgerichtshof f\u00fcr das ehemalige Jugoslawien (IStGHJ) in Den Haag &#8220;unzivilisiertes Verhalten&#8221; vorgeworfen. Als Grund f\u00fchrte er die Weigerung des Gerichts an, den ehemaligen [&hellip;]"}