{"version":"1.0","provider_name":"just-now.NEWS Deutschland","provider_url":"https:\/\/now-news.de\/de","author_name":"rtnews","author_url":"https:\/\/now-news.de\/de\/author\/rnews\/","title":"Schweiz will Banker-Geh\u00e4lter kappen","type":"rich","width":600,"height":338,"html":"<blockquote class=\"wp-embedded-content\" data-secret=\"zHcHA0djNZ\"><a href=\"https:\/\/now-news.de\/de\/deutschland\/schweiz-will-banker-gehaelter-kappen\/\">Schweiz will Banker-Geh\u00e4lter kappen<\/a><\/blockquote><iframe sandbox=\"allow-scripts\" security=\"restricted\" src=\"https:\/\/now-news.de\/de\/deutschland\/schweiz-will-banker-gehaelter-kappen\/embed\/#?secret=zHcHA0djNZ\" width=\"600\" height=\"338\" title=\"&#8222;Schweiz will Banker-Geh\u00e4lter kappen&#8220; &#8211; just-now.NEWS Deutschland\" data-secret=\"zHcHA0djNZ\" frameborder=\"0\" marginwidth=\"0\" marginheight=\"0\" scrolling=\"no\" class=\"wp-embedded-content\"><\/iframe><script type=\"text\/javascript\">\n\/* <![CDATA[ *\/\n\/*! This file is auto-generated *\/\n!function(d,l){\"use strict\";l.querySelector&&d.addEventListener&&\"undefined\"!=typeof URL&&(d.wp=d.wp||{},d.wp.receiveEmbedMessage||(d.wp.receiveEmbedMessage=function(e){var t=e.data;if((t||t.secret||t.message||t.value)&&!\/[^a-zA-Z0-9]\/.test(t.secret)){for(var s,r,n,a=l.querySelectorAll('iframe[data-secret=\"'+t.secret+'\"]'),o=l.querySelectorAll('blockquote[data-secret=\"'+t.secret+'\"]'),c=new RegExp(\"^https?:$\",\"i\"),i=0;i<o.length;i++)o[i].style.display=\"none\";for(i=0;i<a.length;i++)s=a[i],e.source===s.contentWindow&&(s.removeAttribute(\"style\"),\"height\"===t.message?(1e3<(r=parseInt(t.value,10))?r=1e3:~~r<200&&(r=200),s.height=r):\"link\"===t.message&&(r=new URL(s.getAttribute(\"src\")),n=new URL(t.value),c.test(n.protocol))&&n.host===r.host&&l.activeElement===s&&(d.top.location.href=t.value))}},d.addEventListener(\"message\",d.wp.receiveEmbedMessage,!1),l.addEventListener(\"DOMContentLoaded\",function(){for(var e,t,s=l.querySelectorAll(\"iframe.wp-embedded-content\"),r=0;r<s.length;r++)(t=(e=s[r]).getAttribute(\"data-secret\"))||(t=Math.random().toString(36).substring(2,12),e.src+=\"#?secret=\"+t,e.setAttribute(\"data-secret\",t)),e.contentWindow.postMessage({message:\"ready\",secret:t},\"*\")},!1)))}(window,document);\n\/* ]]> *\/\n<\/script>\n","thumbnail_url":"https:\/\/now-news.de\/de\/wp-content\/uploads\/sites\/3\/2025\/03\/67d0a12148fbef53eb28d288.jpg","thumbnail_width":460,"thumbnail_height":259,"description":"Der St\u00e4nderat hat eine Begrenzung der Banker-Geh\u00e4lter auf f\u00fcnf Millionen Franken beschlossen und fordert eine gesetzliche Grundlage f\u00fcr die Verstaatlichung systemrelevanter Banken. Die UBS ger\u00e4t zunehmend unter Druck, ein Abzug ins Ausland wird wahrscheinlicher. Der Nationalrat muss nun \u00fcber die umstrittene Vorlage entscheiden. Der St\u00e4nderat hat in der laufenden Aufarbeitung der Credit-Suisse-Pleite mit einer bemerkenswerten [&hellip;]"}