{"version":"1.0","provider_name":"just-now.NEWS Deutschland","provider_url":"https:\/\/now-news.de\/de","author_name":"rtnews","author_url":"https:\/\/now-news.de\/de\/author\/rnews\/","title":"Polit-Knall in \u00d6sterreich: Nehammer tritt zur\u00fcck","type":"rich","width":600,"height":338,"html":"<blockquote class=\"wp-embedded-content\" data-secret=\"cF6KOFUKBo\"><a href=\"https:\/\/now-news.de\/de\/deutschland\/polit-knall-in-oesterreich-nehammer-tritt-zurueck\/\">Polit-Knall in \u00d6sterreich: Nehammer tritt zur\u00fcck<\/a><\/blockquote><iframe sandbox=\"allow-scripts\" security=\"restricted\" src=\"https:\/\/now-news.de\/de\/deutschland\/polit-knall-in-oesterreich-nehammer-tritt-zurueck\/embed\/#?secret=cF6KOFUKBo\" width=\"600\" height=\"338\" title=\"&#8222;Polit-Knall in \u00d6sterreich: Nehammer tritt zur\u00fcck&#8220; &#8211; just-now.NEWS Deutschland\" data-secret=\"cF6KOFUKBo\" frameborder=\"0\" marginwidth=\"0\" marginheight=\"0\" scrolling=\"no\" class=\"wp-embedded-content\"><\/iframe><script>\n\/*! This file is auto-generated *\/\n!function(d,l){\"use strict\";l.querySelector&&d.addEventListener&&\"undefined\"!=typeof URL&&(d.wp=d.wp||{},d.wp.receiveEmbedMessage||(d.wp.receiveEmbedMessage=function(e){var t=e.data;if((t||t.secret||t.message||t.value)&&!\/[^a-zA-Z0-9]\/.test(t.secret)){for(var s,r,n,a=l.querySelectorAll('iframe[data-secret=\"'+t.secret+'\"]'),o=l.querySelectorAll('blockquote[data-secret=\"'+t.secret+'\"]'),c=new RegExp(\"^https?:$\",\"i\"),i=0;i<o.length;i++)o[i].style.display=\"none\";for(i=0;i<a.length;i++)s=a[i],e.source===s.contentWindow&&(s.removeAttribute(\"style\"),\"height\"===t.message?(1e3<(r=parseInt(t.value,10))?r=1e3:~~r<200&&(r=200),s.height=r):\"link\"===t.message&&(r=new URL(s.getAttribute(\"src\")),n=new URL(t.value),c.test(n.protocol))&&n.host===r.host&&l.activeElement===s&&(d.top.location.href=t.value))}},d.addEventListener(\"message\",d.wp.receiveEmbedMessage,!1),l.addEventListener(\"DOMContentLoaded\",function(){for(var e,t,s=l.querySelectorAll(\"iframe.wp-embedded-content\"),r=0;r<s.length;r++)(t=(e=s[r]).getAttribute(\"data-secret\"))||(t=Math.random().toString(36).substring(2,12),e.src+=\"#?secret=\"+t,e.setAttribute(\"data-secret\",t)),e.contentWindow.postMessage({message:\"ready\",secret:t},\"*\")},!1)))}(window,document);\n\/\/# sourceURL=https:\/\/now-news.de\/de\/wp-includes\/js\/wp-embed.min.js\n<\/script>\n","thumbnail_url":"https:\/\/now-news.de\/de\/wp-content\/uploads\/sites\/3\/2025\/01\/677981bdb480cc16f8200487.jpg","thumbnail_width":460,"thumbnail_height":259,"description":"Die Regierungskrise in \u00d6sterreich spitzt sich zu: Kanzler Karl Nehammer verk\u00fcndet das Scheitern der Koalitionsverhandlungen mit der SP\u00d6 und zieht sich als \u00d6VP-Chef und Kanzler zur\u00fcck. Die Koalitionsverhandlungen zwischen \u00d6VP und SP\u00d6 sind endg\u00fcltig gescheitert. In einer \u00fcberraschenden Erkl\u00e4rung gab Bundeskanzler Karl Nehammer am Samstagabend bekannt, dass er die Verhandlungen abgebrochen habe. Gleichzeitig k\u00fcndigte er [&hellip;]"}