{"version":"1.0","provider_name":"just-now.NEWS Deutschland","provider_url":"https:\/\/now-news.de\/de","author_name":"rtnews","author_url":"https:\/\/now-news.de\/de\/author\/rnews\/","title":"F-16 in Polen abgest\u00fcrzt (Video)","type":"rich","width":600,"height":338,"html":"<blockquote class=\"wp-embedded-content\" data-secret=\"st3ixFaMTW\"><a href=\"https:\/\/now-news.de\/de\/deutschland\/f-16-in-polen-abgestuerzt-video\/\">F-16 in Polen abgest\u00fcrzt (Video)<\/a><\/blockquote><iframe sandbox=\"allow-scripts\" security=\"restricted\" src=\"https:\/\/now-news.de\/de\/deutschland\/f-16-in-polen-abgestuerzt-video\/embed\/#?secret=st3ixFaMTW\" width=\"600\" height=\"338\" title=\"&#8222;F-16 in Polen abgest\u00fcrzt (Video)&#8220; &#8211; just-now.NEWS Deutschland\" data-secret=\"st3ixFaMTW\" frameborder=\"0\" marginwidth=\"0\" marginheight=\"0\" scrolling=\"no\" class=\"wp-embedded-content\"><\/iframe><script type=\"text\/javascript\">\n\/* <![CDATA[ *\/\n\/*! This file is auto-generated *\/\n!function(d,l){\"use strict\";l.querySelector&&d.addEventListener&&\"undefined\"!=typeof URL&&(d.wp=d.wp||{},d.wp.receiveEmbedMessage||(d.wp.receiveEmbedMessage=function(e){var t=e.data;if((t||t.secret||t.message||t.value)&&!\/[^a-zA-Z0-9]\/.test(t.secret)){for(var s,r,n,a=l.querySelectorAll('iframe[data-secret=\"'+t.secret+'\"]'),o=l.querySelectorAll('blockquote[data-secret=\"'+t.secret+'\"]'),c=new RegExp(\"^https?:$\",\"i\"),i=0;i<o.length;i++)o[i].style.display=\"none\";for(i=0;i<a.length;i++)s=a[i],e.source===s.contentWindow&&(s.removeAttribute(\"style\"),\"height\"===t.message?(1e3<(r=parseInt(t.value,10))?r=1e3:~~r<200&&(r=200),s.height=r):\"link\"===t.message&&(r=new URL(s.getAttribute(\"src\")),n=new URL(t.value),c.test(n.protocol))&&n.host===r.host&&l.activeElement===s&&(d.top.location.href=t.value))}},d.addEventListener(\"message\",d.wp.receiveEmbedMessage,!1),l.addEventListener(\"DOMContentLoaded\",function(){for(var e,t,s=l.querySelectorAll(\"iframe.wp-embedded-content\"),r=0;r<s.length;r++)(t=(e=s[r]).getAttribute(\"data-secret\"))||(t=Math.random().toString(36).substring(2,12),e.src+=\"#?secret=\"+t,e.setAttribute(\"data-secret\",t)),e.contentWindow.postMessage({message:\"ready\",secret:t},\"*\")},!1)))}(window,document);\n\/* ]]> *\/\n<\/script>\n","thumbnail_url":"https:\/\/now-news.de\/de\/wp-content\/uploads\/sites\/3\/2025\/08\/68b156d4b480cc6953676e4c.png","thumbnail_width":460,"thumbnail_height":259,"description":"Im Internet kursierendes Videomaterial zeigt den Absturz eines D\u00fcsenj\u00e4gers vom Typ F-16 der polnischen Streitkr\u00e4fte. Der Pilot \u00fcbte Kunstflugfiguren f\u00fcr eine in Polen anstehende Luftfahrtschau und sch\u00e4tzte wohl die Flugh\u00f6he falsch ein. Bei den Vorbereitungen f\u00fcr eine Flugschau\u00a0in Polen ist am Donnerstag ein Kampfjet vom Typ F-16 abgest\u00fcrzt. Polens Regierungssprecher Adam Szlapka gab gegen\u00fcber Journalisten [&hellip;]"}