{"version":"1.0","provider_name":"just-now.NEWS Deutschland","provider_url":"https:\/\/now-news.de\/de","author_name":"rtnews","author_url":"https:\/\/now-news.de\/de\/author\/rnews\/","title":"Erdo\u011fan: Europa ist in Panik","type":"rich","width":600,"height":338,"html":"<blockquote class=\"wp-embedded-content\" data-secret=\"SiM6xByx1O\"><a href=\"https:\/\/now-news.de\/de\/deutschland\/erdogan-europa-ist-in-panik\/\">Erdo\u011fan: Europa ist in Panik<\/a><\/blockquote><iframe sandbox=\"allow-scripts\" security=\"restricted\" src=\"https:\/\/now-news.de\/de\/deutschland\/erdogan-europa-ist-in-panik\/embed\/#?secret=SiM6xByx1O\" width=\"600\" height=\"338\" title=\"&#8222;Erdo\u011fan: Europa ist in Panik&#8220; &#8211; just-now.NEWS Deutschland\" data-secret=\"SiM6xByx1O\" frameborder=\"0\" marginwidth=\"0\" marginheight=\"0\" scrolling=\"no\" class=\"wp-embedded-content\"><\/iframe><script type=\"text\/javascript\">\n\/* <![CDATA[ *\/\n\/*! This file is auto-generated *\/\n!function(d,l){\"use strict\";l.querySelector&&d.addEventListener&&\"undefined\"!=typeof URL&&(d.wp=d.wp||{},d.wp.receiveEmbedMessage||(d.wp.receiveEmbedMessage=function(e){var t=e.data;if((t||t.secret||t.message||t.value)&&!\/[^a-zA-Z0-9]\/.test(t.secret)){for(var s,r,n,a=l.querySelectorAll('iframe[data-secret=\"'+t.secret+'\"]'),o=l.querySelectorAll('blockquote[data-secret=\"'+t.secret+'\"]'),c=new RegExp(\"^https?:$\",\"i\"),i=0;i<o.length;i++)o[i].style.display=\"none\";for(i=0;i<a.length;i++)s=a[i],e.source===s.contentWindow&&(s.removeAttribute(\"style\"),\"height\"===t.message?(1e3<(r=parseInt(t.value,10))?r=1e3:~~r<200&&(r=200),s.height=r):\"link\"===t.message&&(r=new URL(s.getAttribute(\"src\")),n=new URL(t.value),c.test(n.protocol))&&n.host===r.host&&l.activeElement===s&&(d.top.location.href=t.value))}},d.addEventListener(\"message\",d.wp.receiveEmbedMessage,!1),l.addEventListener(\"DOMContentLoaded\",function(){for(var e,t,s=l.querySelectorAll(\"iframe.wp-embedded-content\"),r=0;r<s.length;r++)(t=(e=s[r]).getAttribute(\"data-secret\"))||(t=Math.random().toString(36).substring(2,12),e.src+=\"#?secret=\"+t,e.setAttribute(\"data-secret\",t)),e.contentWindow.postMessage({message:\"ready\",secret:t},\"*\")},!1)))}(window,document);\n\/* ]]> *\/\n<\/script>\n","thumbnail_url":"https:\/\/now-news.de\/de\/wp-content\/uploads\/sites\/3\/2022\/06\/Erdogan-Europa-ist-in-Panik.jpg","thumbnail_width":460,"thumbnail_height":259,"description":"Der t\u00fcrkische Pr\u00e4sident Recep Tayyip Erdo\u011fan hat am Sonntag behauptet, dass die Mitglieder der EU und andere europ\u00e4ische L\u00e4nder sich wegen des Zustroms von Fl\u00fcchtlingen aus der Ukraine in einem Zustand der &#8220;Panik&#8221; bef\u00e4nden. In einer Rede vor Anh\u00e4ngern seiner Partei in der Stadt K\u0131z\u0131lcahamam erkl\u00e4rte er, dass die T\u00fcrkei &#8220;seit elf Jahren erfolgreich die [&hellip;]"}