{"version":"1.0","provider_name":"just-now.NEWS Deutschland","provider_url":"https:\/\/now-news.de\/de","author_name":"rtnews","author_url":"https:\/\/now-news.de\/de\/author\/rnews\/","title":"Die weiche Macht des hartn\u00e4ckigen Orb\u00e1n","type":"rich","width":600,"height":338,"html":"<blockquote class=\"wp-embedded-content\" data-secret=\"oHNx2D6iuB\"><a href=\"https:\/\/now-news.de\/de\/deutschland\/die-weiche-macht-des-hartnaeckigen-orban\/\">Die weiche Macht des hartn\u00e4ckigen Orb\u00e1n<\/a><\/blockquote><iframe sandbox=\"allow-scripts\" security=\"restricted\" src=\"https:\/\/now-news.de\/de\/deutschland\/die-weiche-macht-des-hartnaeckigen-orban\/embed\/#?secret=oHNx2D6iuB\" width=\"600\" height=\"338\" title=\"&#8222;Die weiche Macht des hartn\u00e4ckigen Orb\u00e1n&#8220; &#8211; just-now.NEWS Deutschland\" data-secret=\"oHNx2D6iuB\" frameborder=\"0\" marginwidth=\"0\" marginheight=\"0\" scrolling=\"no\" class=\"wp-embedded-content\"><\/iframe><script type=\"text\/javascript\">\n\/* <![CDATA[ *\/\n\/*! This file is auto-generated *\/\n!function(d,l){\"use strict\";l.querySelector&&d.addEventListener&&\"undefined\"!=typeof URL&&(d.wp=d.wp||{},d.wp.receiveEmbedMessage||(d.wp.receiveEmbedMessage=function(e){var t=e.data;if((t||t.secret||t.message||t.value)&&!\/[^a-zA-Z0-9]\/.test(t.secret)){for(var s,r,n,a=l.querySelectorAll('iframe[data-secret=\"'+t.secret+'\"]'),o=l.querySelectorAll('blockquote[data-secret=\"'+t.secret+'\"]'),c=new RegExp(\"^https?:$\",\"i\"),i=0;i<o.length;i++)o[i].style.display=\"none\";for(i=0;i<a.length;i++)s=a[i],e.source===s.contentWindow&&(s.removeAttribute(\"style\"),\"height\"===t.message?(1e3<(r=parseInt(t.value,10))?r=1e3:~~r<200&&(r=200),s.height=r):\"link\"===t.message&&(r=new URL(s.getAttribute(\"src\")),n=new URL(t.value),c.test(n.protocol))&&n.host===r.host&&l.activeElement===s&&(d.top.location.href=t.value))}},d.addEventListener(\"message\",d.wp.receiveEmbedMessage,!1),l.addEventListener(\"DOMContentLoaded\",function(){for(var e,t,s=l.querySelectorAll(\"iframe.wp-embedded-content\"),r=0;r<s.length;r++)(t=(e=s[r]).getAttribute(\"data-secret\"))||(t=Math.random().toString(36).substring(2,12),e.src+=\"#?secret=\"+t,e.setAttribute(\"data-secret\",t)),e.contentWindow.postMessage({message:\"ready\",secret:t},\"*\")},!1)))}(window,document);\n\/* ]]> *\/\n<\/script>\n","thumbnail_url":"https:\/\/now-news.de\/de\/wp-content\/uploads\/sites\/3\/2023\/12\/Die-weiche-Macht-des-hartnaeckigen-Orban.jpg","thumbnail_width":460,"thumbnail_height":259,"description":"Ungarn und Serbien haben sich gemeinsam daf\u00fcr eingesetzt, dass Bulgarien seine Entscheidung, Transitsteuern f\u00fcr russisches Gas in diese beiden L\u00e4nder zu erheben, wieder zur\u00fccknimmt. Offensichtlich hatte sich Br\u00fcssel darum bem\u00fcht, Serbien wegen seiner Politik der Vermeidung von Russland-Sanktionen abzustrafen. Von Marinko U\u010dur Nur zwei Monate nachdem Bulgarien Transitsteuern f\u00fcr russisches Gas nach Serbien und Ungarn [&hellip;]"}