{"version":"1.0","provider_name":"just-now.NEWS Deutschland","provider_url":"https:\/\/now-news.de\/de","author_name":"rtnews","author_url":"https:\/\/now-news.de\/de\/author\/rnews\/","title":"Bundesl\u00e4nder emp\u00f6rt \u00fcber \u00d6zdemirs Sparpl\u00e4ne","type":"rich","width":600,"height":338,"html":"<blockquote class=\"wp-embedded-content\" data-secret=\"nImUl3JcxM\"><a href=\"https:\/\/now-news.de\/de\/deutschland\/bundeslaender-empoert-ueber-oezdemirs-sparplaene\/\">Bundesl\u00e4nder emp\u00f6rt \u00fcber \u00d6zdemirs Sparpl\u00e4ne<\/a><\/blockquote><iframe sandbox=\"allow-scripts\" security=\"restricted\" src=\"https:\/\/now-news.de\/de\/deutschland\/bundeslaender-empoert-ueber-oezdemirs-sparplaene\/embed\/#?secret=nImUl3JcxM\" width=\"600\" height=\"338\" title=\"&#8222;Bundesl\u00e4nder emp\u00f6rt \u00fcber \u00d6zdemirs Sparpl\u00e4ne&#8220; &#8211; just-now.NEWS Deutschland\" data-secret=\"nImUl3JcxM\" frameborder=\"0\" marginwidth=\"0\" marginheight=\"0\" scrolling=\"no\" class=\"wp-embedded-content\"><\/iframe><script type=\"text\/javascript\">\n\/* <![CDATA[ *\/\n\/*! This file is auto-generated *\/\n!function(d,l){\"use strict\";l.querySelector&&d.addEventListener&&\"undefined\"!=typeof URL&&(d.wp=d.wp||{},d.wp.receiveEmbedMessage||(d.wp.receiveEmbedMessage=function(e){var t=e.data;if((t||t.secret||t.message||t.value)&&!\/[^a-zA-Z0-9]\/.test(t.secret)){for(var s,r,n,a=l.querySelectorAll('iframe[data-secret=\"'+t.secret+'\"]'),o=l.querySelectorAll('blockquote[data-secret=\"'+t.secret+'\"]'),c=new RegExp(\"^https?:$\",\"i\"),i=0;i<o.length;i++)o[i].style.display=\"none\";for(i=0;i<a.length;i++)s=a[i],e.source===s.contentWindow&&(s.removeAttribute(\"style\"),\"height\"===t.message?(1e3<(r=parseInt(t.value,10))?r=1e3:~~r<200&&(r=200),s.height=r):\"link\"===t.message&&(r=new URL(s.getAttribute(\"src\")),n=new URL(t.value),c.test(n.protocol))&&n.host===r.host&&l.activeElement===s&&(d.top.location.href=t.value))}},d.addEventListener(\"message\",d.wp.receiveEmbedMessage,!1),l.addEventListener(\"DOMContentLoaded\",function(){for(var e,t,s=l.querySelectorAll(\"iframe.wp-embedded-content\"),r=0;r<s.length;r++)(t=(e=s[r]).getAttribute(\"data-secret\"))||(t=Math.random().toString(36).substring(2,12),e.src+=\"#?secret=\"+t,e.setAttribute(\"data-secret\",t)),e.contentWindow.postMessage({message:\"ready\",secret:t},\"*\")},!1)))}(window,document);\n\/* ]]> *\/\n<\/script>\n","thumbnail_url":"https:\/\/now-news.de\/de\/wp-content\/uploads\/sites\/3\/2023\/08\/Bundeslaender-empoert-ueber-Oezdemirs-Sparplaene.jpg","thumbnail_width":460,"thumbnail_height":259,"description":"&#8220;Entwicklung des l\u00e4ndlichen Raums&#8221; ist ein Euphemismus f\u00fcr den seit Jahrzehnten voranschreitenden Verlust an l\u00e4ndlicher Lebensqualit\u00e4t. Nun beabsichtigt Landwirtschaftsminister \u00d6zdemir, Mittel zu k\u00fcrzen, die das kompensieren sollen. Die Sparpl\u00e4ne der Bundesregierung, die n\u00f6tig sind, um unter anderem die Steigerung der R\u00fcstungsausgaben zu kompensieren, werden konkreter, und die K\u00fcrzungen, die das Landwirtschaftsministerium von Minister Cem \u00d6zdemir [&hellip;]"}