{"version":"1.0","provider_name":"just-now.NEWS Deutschland","provider_url":"https:\/\/now-news.de\/de","author_name":"rtnews","author_url":"https:\/\/now-news.de\/de\/author\/rnews\/","title":"Amerika sch\u00fcrt allm\u00e4hlich den Kampfgeist Europas","type":"rich","width":600,"height":338,"html":"<blockquote class=\"wp-embedded-content\" data-secret=\"e6zWCCLJwy\"><a href=\"https:\/\/now-news.de\/de\/deutschland\/amerika-schuert-allmaehlich-den-kampfgeist-europas\/\">Amerika sch\u00fcrt allm\u00e4hlich den Kampfgeist Europas<\/a><\/blockquote><iframe sandbox=\"allow-scripts\" security=\"restricted\" src=\"https:\/\/now-news.de\/de\/deutschland\/amerika-schuert-allmaehlich-den-kampfgeist-europas\/embed\/#?secret=e6zWCCLJwy\" width=\"600\" height=\"338\" title=\"&#8222;Amerika sch\u00fcrt allm\u00e4hlich den Kampfgeist Europas&#8220; &#8211; just-now.NEWS Deutschland\" data-secret=\"e6zWCCLJwy\" frameborder=\"0\" marginwidth=\"0\" marginheight=\"0\" scrolling=\"no\" class=\"wp-embedded-content\"><\/iframe><script type=\"text\/javascript\">\n\/* <![CDATA[ *\/\n\/*! This file is auto-generated *\/\n!function(d,l){\"use strict\";l.querySelector&&d.addEventListener&&\"undefined\"!=typeof URL&&(d.wp=d.wp||{},d.wp.receiveEmbedMessage||(d.wp.receiveEmbedMessage=function(e){var t=e.data;if((t||t.secret||t.message||t.value)&&!\/[^a-zA-Z0-9]\/.test(t.secret)){for(var s,r,n,a=l.querySelectorAll('iframe[data-secret=\"'+t.secret+'\"]'),o=l.querySelectorAll('blockquote[data-secret=\"'+t.secret+'\"]'),c=new RegExp(\"^https?:$\",\"i\"),i=0;i<o.length;i++)o[i].style.display=\"none\";for(i=0;i<a.length;i++)s=a[i],e.source===s.contentWindow&&(s.removeAttribute(\"style\"),\"height\"===t.message?(1e3<(r=parseInt(t.value,10))?r=1e3:~~r<200&&(r=200),s.height=r):\"link\"===t.message&&(r=new URL(s.getAttribute(\"src\")),n=new URL(t.value),c.test(n.protocol))&&n.host===r.host&&l.activeElement===s&&(d.top.location.href=t.value))}},d.addEventListener(\"message\",d.wp.receiveEmbedMessage,!1),l.addEventListener(\"DOMContentLoaded\",function(){for(var e,t,s=l.querySelectorAll(\"iframe.wp-embedded-content\"),r=0;r<s.length;r++)(t=(e=s[r]).getAttribute(\"data-secret\"))||(t=Math.random().toString(36).substring(2,12),e.src+=\"#?secret=\"+t,e.setAttribute(\"data-secret\",t)),e.contentWindow.postMessage({message:\"ready\",secret:t},\"*\")},!1)))}(window,document);\n\/* ]]> *\/\n<\/script>\n","thumbnail_url":"https:\/\/now-news.de\/de\/wp-content\/uploads\/sites\/3\/2025\/07\/6873d68bb480cc1ba81aedff.jpg","thumbnail_width":460,"thumbnail_height":259,"description":"Europa verzichtet endg\u00fcltig auf diplomatische Wege zur L\u00f6sung der Ukraine-Krise. Die europ\u00e4ischen Staatschefs planen, im Luft- und Seeraum der Ukraine zu patrouillieren und Zehntausende Soldaten auf ihrem Territorium zu stationieren. Die k\u00e4mpferische Rhetorik Europas spiegelt Experten zufolge den Frust des Westens \u00fcber seine diplomatischen Misserfolge wider. Von Andrei Restschikow Diese Woche erkl\u00e4rte der franz\u00f6sische Pr\u00e4sident [&hellip;]"}